{"id":183,"date":"2024-07-15T09:01:49","date_gmt":"2024-07-15T09:01:49","guid":{"rendered":"http:\/\/fundaciosantjoaquim.org\/?page_id=183"},"modified":"2024-11-07T10:16:25","modified_gmt":"2024-11-07T10:16:25","slug":"contacto","status":"publish","type":"page","link":"https:\/\/fundaciosantjoaquim.org\/es\/contacto\/","title":{"rendered":"Contacto"},"content":{"rendered":"\n<style type=\"text\/css\" data-created_by=\"avia_inline_auto\" id=\"style-css-av-m1ota3y3-0ed42c69a29e98a3192fbf642ac835e1\">\n.avia-section.av-m1ota3y3-0ed42c69a29e98a3192fbf642ac835e1{\nbackground-color:#7d1315;\nbackground-image:unset;\n}\n<\/style>\n<div id='av_section_1'  class='avia-section av-m1ota3y3-0ed42c69a29e98a3192fbf642ac835e1 main_color avia-section-default avia-no-border-styling  avia-builder-el-0  el_before_av_textblock  avia-builder-el-first  avia-bg-style-scroll container_wrap fullsize'  ><div class='container av-section-cont-open' ><main  role=\"main\" itemprop=\"mainContentOfPage\"  class='template-page content  av-content-full alpha units'><div class='post-entry post-entry-type-page post-entry-183'><div class='entry-content-wrapper clearfix'>\n<div  class='flex_column av-9qi73-0ac8b02d7fd25639a2d92962a5cf2d4d av_one_full  avia-builder-el-1  avia-builder-el-no-sibling  first flex_column_div  '     ><style type=\"text\/css\" data-created_by=\"avia_inline_auto\" id=\"style-css-av-m1ot9o3q-579e7af10ffa9592bd521fb85c756905\">\n#top .av-special-heading.av-m1ot9o3q-579e7af10ffa9592bd521fb85c756905{\npadding-bottom:10px;\ncolor:#ffffff;\n}\nbody .av-special-heading.av-m1ot9o3q-579e7af10ffa9592bd521fb85c756905 .av-special-heading-tag .heading-char{\nfont-size:25px;\n}\n.av-special-heading.av-m1ot9o3q-579e7af10ffa9592bd521fb85c756905 .special-heading-inner-border{\nborder-color:#ffffff;\n}\n.av-special-heading.av-m1ot9o3q-579e7af10ffa9592bd521fb85c756905 .av-subheading{\nfont-size:15px;\n}\n<\/style>\n<div  class='av-special-heading av-m1ot9o3q-579e7af10ffa9592bd521fb85c756905 av-special-heading-h1 custom-color-heading blockquote modern-quote modern-centered  avia-builder-el-2  avia-builder-el-no-sibling '><h1 class='av-special-heading-tag '  itemprop=\"headline\"  >Contacto<\/h1><div class=\"special-heading-border\"><div class=\"special-heading-inner-border\"><\/div><\/div><\/div><\/div>\n<\/div><\/div><\/main><!-- close content main element --><\/div><\/div><div id='after_section_1'  class='main_color av_default_container_wrap container_wrap fullsize'  ><div class='container av-section-cont-open' ><div class='template-page content  av-content-full alpha units'><div class='post-entry post-entry-type-page post-entry-183'><div class='entry-content-wrapper clearfix'>\n<section  class='av_textblock_section av-m1otknt7-3a1bec3227cf0673c02c87e9964b8151 '   itemscope=\"itemscope\" itemtype=\"https:\/\/schema.org\/CreativeWork\" ><div class='avia_textblock'  itemprop=\"text\" ><p style=\"text-align: center;\">En la Fundaci\u00f3 Sant Joaquim, estamos aqu\u00ed para ayudar y escucharte. Si deseas colaborar, necesitas m\u00e1s informaci\u00f3n sobre nuestros servicios o tienes alguna pregunta, no dudes en ponerte en contacto con nosotros. Puedes visitarnos en nuestra sede, llamarnos, o enviarnos un mensaje a trav\u00e9s del formulario de contacto. Juntos podemos seguir brindando apoyo a quienes m\u00e1s lo necesitan. \u00a1Esperamos tu mensaje!<\/p>\n<\/div><\/section>\n<div class='flex_column_table av-m1otdmx5-01bf73e6da41487751b3023fd9a41963 sc-av_one_half av-equal-height-column-flextable'>\n<style type=\"text\/css\" data-created_by=\"avia_inline_auto\" id=\"style-css-av-m1otdmx5-01bf73e6da41487751b3023fd9a41963\">\n.flex_column.av-m1otdmx5-01bf73e6da41487751b3023fd9a41963{\nwidth:49%;\nmargin-left:0;\n}\n#top .flex_column_table.av-equal-height-column-flextable.av-m1otdmx5-01bf73e6da41487751b3023fd9a41963 .av-flex-placeholder{\nwidth:2%;\n}\n<\/style>\n<div  class='flex_column av-m1otdmx5-01bf73e6da41487751b3023fd9a41963 av_one_half  avia-builder-el-4  el_after_av_textblock  el_before_av_one_half  first flex_column_table_cell av-equal-height-column av-align-top avia-link-column av-column-link  column-top-margin'    data-link-column-url=\"https:\/\/www.google.es\/maps\/place\/Fundaci%C3%B3n+San+Joaqu%C3%ADn\/@41.5379186,2.4436387,17z\/data=!3m1!4b1!4m6!3m5!1s0x12a4b526d8202ce5:0x8e1f7e87b36c3d70!8m2!3d41.5379186!4d2.4462136!16s%2Fg%2F1hc2f7r9q?entry=ttu&#038;g_ep=EgoyMDI0MDkyNS4wIKXMDSoASAFQAw%3D%3D\"  data-link-column-target=\"_blank\"   ><a class=\"av-screen-reader-only\" href=https:\/\/www.google.es\/maps\/place\/Fundaci%C3%B3n+San+Joaqu%C3%ADn\/@41.5379186,2.4436387,17z\/data=!3m1!4b1!4m6!3m5!1s0x12a4b526d8202ce5:0x8e1f7e87b36c3d70!8m2!3d41.5379186!4d2.4462136!16s%2Fg%2F1hc2f7r9q?entry=ttu&#038;g_ep=EgoyMDI0MDkyNS4wIKXMDSoASAFQAw%3D%3D  target=\"_blank\" >Follow a manual added link<\/a><div  class='av_gmaps_sc_main_wrap av_gmaps_main_wrap '><div id='av_gmap_0' class='avia-google-map-container avia-google-map-sc av_gmaps_show_unconditionally av-no-fallback-img ' data-mapid='av_gmap_0'  style='height: 400px;'><a class=\"av_gmaps_browser_disabled av_text_confirm_link av_text_confirm_link_visible\" href=\"https:\/\/www.google.com\/maps\/search\/?api=1&#038;query=cam\u00ed%20real,%20338-340%2008301%20Matar\u00f3%20%20Barcelona%20%20Espa\u00f1a\" target=\"_blank\">Maps were disabled by the visitor on this site. Click to open the map in a new window.<\/a><\/div><\/div><\/div>\n<div class='av-flex-placeholder'><\/div>\n<style type=\"text\/css\" data-created_by=\"avia_inline_auto\" id=\"style-css-av-ed5fb-5405595f54f17448eac500d993e52f7c\">\n.flex_column.av-ed5fb-5405595f54f17448eac500d993e52f7c{\nwidth:49%;\nmargin-left:0;\n}\n#top .flex_column_table.av-equal-height-column-flextable.av-ed5fb-5405595f54f17448eac500d993e52f7c .av-flex-placeholder{\nwidth:2%;\n}\n<\/style>\n<div  class='flex_column av-ed5fb-5405595f54f17448eac500d993e52f7c av_one_half  avia-builder-el-6  el_after_av_one_half  avia-builder-el-last  flex_column_table_cell av-equal-height-column av-align-top  column-top-margin'     ><form action=\"https:\/\/fundaciosantjoaquim.org\/es\/contacto\/\" method=\"post\" data-fields-with-error=\"Found errors in the following field(s):\" class=\"avia_ajax_form av-form-labels-hidden   avia-builder-el-7  avia-builder-el-no-sibling   \" data-avia-form-id=\"1\" data-avia-redirect=''  aria-label='Formulario de contacto' ><fieldset><p class='  first_form  form_element form_element_half' id='element_avia_1_1'><label for=\"avia_1_1\">Nombre <abbr class=\"required\" title=\"requerido\">*<\/abbr><\/label> <input name=\"avia_1_1\" class=\"text_input is_empty\" type=\"text\" id=\"avia_1_1\" value=\"\"  placeholder='Nombre*'\/><\/p><p class='  form_element form_element_half' id='element_avia_2_1'><label for=\"avia_2_1\">Apellidos <abbr class=\"required\" title=\"requerido\">*<\/abbr><\/label> <input name=\"avia_2_1\" class=\"text_input is_empty\" type=\"text\" id=\"avia_2_1\" value=\"\"  placeholder='Apellidos*'\/><\/p><p class='  first_form  form_element form_element_half' id='element_avia_3_1'><label for=\"avia_3_1\">Correo electr\u00f3nico <abbr class=\"required\" title=\"requerido\">*<\/abbr><\/label> <input name=\"avia_3_1\" class=\"text_input is_email\" type=\"text\" id=\"avia_3_1\" value=\"\"  placeholder='Correo electr\u00f3nico*'\/><\/p><p class='  form_element form_element_half' id='element_avia_4_1'><label for=\"avia_4_1\">Tel\u00e9fono <abbr class=\"required\" title=\"requerido\">*<\/abbr><\/label> <input name=\"avia_4_1\" class=\"text_input is_phone\" type=\"text\" id=\"avia_4_1\" value=\"\"  placeholder='Tel\u00e9fono*'\/><\/p><p class='  first_form  form_element form_fullwidth' id='element_avia_5_1'><label for=\"avia_5_1\" class=\"textare_label hidden textare_label_avia_5_1\">Mensaje <abbr class=\"required\" title=\"requerido\">*<\/abbr><\/label><textarea  placeholder='Mensaje*' name=\"avia_5_1\" class=\"text_area is_empty\" cols=\"40\" rows=\"7\" id=\"avia_5_1\" ><\/textarea><\/p><p class=\"hidden\"><input type=\"text\" name=\"avia_6_1\" class=\"hidden \" id=\"avia_6_1\" value=\"\" \/><\/p><div id='avia_7_1' class='av-recaptcha-area  first_form  form_element form_fullwidth av-last-visible-form-element '  data-container_class=\"\" data-custom_class=\"\" data-context=\"av_contact_form\" data-token_input=\"av_recaptcha_token\" data-version=\"avia_recaptcha_v2\" data-theme=\"light\" data-size=\"normal\" data-score=\"0.5\" data-text_to_preview=\"\" data-value=\"\"><div class=\"av-google-badge-message hidden\">This site is protected by reCAPTCHA and the Google <a href=\"https:\/\/policies.google.com\/privacy\">Privacy Policy<\/a> and <a href=\"https:\/\/policies.google.com\/terms\">Terms of Service<\/a> apply.<\/div><\/div><p class=' av_form_privacy_check av_contact_privacy_check first_form  form_element form_fullwidth' id='element_avia_8_1'><input  name=\"avia_8_1\" class=\"input_checkbox is_empty\" type=\"checkbox\" id=\"avia_8_1\" value=\"true\"\/><label class=\"input_checkbox_label\" for=\"avia_8_1\">Acepto los t\u00e9rminos y condiciones establecidos en la  <a href='https:\/\/fundaciosantjoaquim.org\/es\/politica-de-privacidad\/' target='_blank'>Pol\u00edtica de privacidad<\/a> <abbr class=\"required\" title=\"requerido\">*<\/abbr><\/label><\/p><p class=\"form_element \"><input type=\"hidden\" value=\"1\" name=\"avia_generated_form1\" \/><input type=\"submit\" value=\"Enviar\" class=\"button\"  data-sending-label=\"Enviando\"\/><\/p><\/fieldset><div class=\"avia-disabled-form\">Este formulario de contacto est\u00e1 desactivado porque rechazaste aceptar el servicio de Google reCaptcha, que es necesario para validar los mensajes enviados a trav\u00e9s del formulario.<\/div><\/form><div id=\"ajaxresponse_1\" class=\"ajaxresponse ajaxresponse_1 hidden\"><\/div><\/div><\/div><!--close column table wrapper. Autoclose: 1 -->\n","protected":false},"excerpt":{"rendered":"","protected":false},"author":1,"featured_media":0,"parent":0,"menu_order":0,"comment_status":"closed","ping_status":"closed","template":"","meta":{"footnotes":""},"class_list":["post-183","page","type-page","status-publish","hentry"],"yoast_head":"<!-- This site is optimized with the Yoast SEO plugin v27.4 - https:\/\/yoast.com\/product\/yoast-seo-wordpress\/ -->\n<title>Contacto - Fundaci\u00f3 Sant Joaquim<\/title>\n<meta name=\"description\" content=\"Cont\u00e1ctanos en Fundaci\u00f3 Sant Joaquim para ayudar a quienes m\u00e1s lo necesitan. Juntos, desde 1908, brindamos alimento y apoyo a la comunidad.\" \/>\n<meta name=\"robots\" content=\"index, follow, max-snippet:-1, max-image-preview:large, max-video-preview:-1\" \/>\n<link rel=\"canonical\" href=\"https:\/\/fundaciosantjoaquim.org\/es\/contacto\/\" \/>\n<meta property=\"og:locale\" content=\"es_ES\" \/>\n<meta property=\"og:type\" content=\"article\" \/>\n<meta property=\"og:title\" content=\"Contacto - Fundaci\u00f3 Sant Joaquim\" \/>\n<meta property=\"og:description\" content=\"Cont\u00e1ctanos en Fundaci\u00f3 Sant Joaquim para ayudar a quienes m\u00e1s lo necesitan. Juntos, desde 1908, brindamos alimento y apoyo a la comunidad.\" \/>\n<meta property=\"og:url\" content=\"https:\/\/fundaciosantjoaquim.org\/es\/contacto\/\" \/>\n<meta property=\"og:site_name\" content=\"Fundaci\u00f3 Sant Joaquim\" \/>\n<meta property=\"article:modified_time\" content=\"2024-11-07T10:16:25+00:00\" \/>\n<meta name=\"twitter:card\" content=\"summary_large_image\" \/>\n<meta name=\"twitter:label1\" content=\"Tiempo de lectura\" \/>\n\t<meta name=\"twitter:data1\" content=\"1 minuto\" \/>\n<script type=\"application\/ld+json\" class=\"yoast-schema-graph\">{\"@context\":\"https:\\\/\\\/schema.org\",\"@graph\":[{\"@type\":\"WebPage\",\"@id\":\"https:\\\/\\\/fundaciosantjoaquim.org\\\/es\\\/contacto\\\/\",\"url\":\"https:\\\/\\\/fundaciosantjoaquim.org\\\/es\\\/contacto\\\/\",\"name\":\"Contacto - Fundaci\u00f3 Sant Joaquim\",\"isPartOf\":{\"@id\":\"https:\\\/\\\/fundaciosantjoaquim.org\\\/es\\\/#website\"},\"datePublished\":\"2024-07-15T09:01:49+00:00\",\"dateModified\":\"2024-11-07T10:16:25+00:00\",\"description\":\"Cont\u00e1ctanos en Fundaci\u00f3 Sant Joaquim para ayudar a quienes m\u00e1s lo necesitan. Juntos, desde 1908, brindamos alimento y apoyo a la comunidad.\",\"breadcrumb\":{\"@id\":\"https:\\\/\\\/fundaciosantjoaquim.org\\\/es\\\/contacto\\\/#breadcrumb\"},\"inLanguage\":\"es\",\"potentialAction\":[{\"@type\":\"ReadAction\",\"target\":[\"https:\\\/\\\/fundaciosantjoaquim.org\\\/es\\\/contacto\\\/\"]}]},{\"@type\":\"BreadcrumbList\",\"@id\":\"https:\\\/\\\/fundaciosantjoaquim.org\\\/es\\\/contacto\\\/#breadcrumb\",\"itemListElement\":[{\"@type\":\"ListItem\",\"position\":1,\"name\":\"Portada\",\"item\":\"https:\\\/\\\/fundaciosantjoaquim.org\\\/es\\\/\"},{\"@type\":\"ListItem\",\"position\":2,\"name\":\"Contacto\"}]},{\"@type\":\"WebSite\",\"@id\":\"https:\\\/\\\/fundaciosantjoaquim.org\\\/es\\\/#website\",\"url\":\"https:\\\/\\\/fundaciosantjoaquim.org\\\/es\\\/\",\"name\":\"Fundaci\u00f3 Sant Joaquim\",\"description\":\"\",\"potentialAction\":[{\"@type\":\"SearchAction\",\"target\":{\"@type\":\"EntryPoint\",\"urlTemplate\":\"https:\\\/\\\/fundaciosantjoaquim.org\\\/es\\\/?s={search_term_string}\"},\"query-input\":{\"@type\":\"PropertyValueSpecification\",\"valueRequired\":true,\"valueName\":\"search_term_string\"}}],\"inLanguage\":\"es\"}]}<\/script>\n<!-- \/ Yoast SEO plugin. -->","yoast_head_json":{"title":"Contacto - Fundaci\u00f3 Sant Joaquim","description":"Cont\u00e1ctanos en Fundaci\u00f3 Sant Joaquim para ayudar a quienes m\u00e1s lo necesitan. Juntos, desde 1908, brindamos alimento y apoyo a la comunidad.","robots":{"index":"index","follow":"follow","max-snippet":"max-snippet:-1","max-image-preview":"max-image-preview:large","max-video-preview":"max-video-preview:-1"},"canonical":"https:\/\/fundaciosantjoaquim.org\/es\/contacto\/","og_locale":"es_ES","og_type":"article","og_title":"Contacto - Fundaci\u00f3 Sant Joaquim","og_description":"Cont\u00e1ctanos en Fundaci\u00f3 Sant Joaquim para ayudar a quienes m\u00e1s lo necesitan. Juntos, desde 1908, brindamos alimento y apoyo a la comunidad.","og_url":"https:\/\/fundaciosantjoaquim.org\/es\/contacto\/","og_site_name":"Fundaci\u00f3 Sant Joaquim","article_modified_time":"2024-11-07T10:16:25+00:00","twitter_card":"summary_large_image","twitter_misc":{"Tiempo de lectura":"1 minuto"},"schema":{"@context":"https:\/\/schema.org","@graph":[{"@type":"WebPage","@id":"https:\/\/fundaciosantjoaquim.org\/es\/contacto\/","url":"https:\/\/fundaciosantjoaquim.org\/es\/contacto\/","name":"Contacto - Fundaci\u00f3 Sant Joaquim","isPartOf":{"@id":"https:\/\/fundaciosantjoaquim.org\/es\/#website"},"datePublished":"2024-07-15T09:01:49+00:00","dateModified":"2024-11-07T10:16:25+00:00","description":"Cont\u00e1ctanos en Fundaci\u00f3 Sant Joaquim para ayudar a quienes m\u00e1s lo necesitan. Juntos, desde 1908, brindamos alimento y apoyo a la comunidad.","breadcrumb":{"@id":"https:\/\/fundaciosantjoaquim.org\/es\/contacto\/#breadcrumb"},"inLanguage":"es","potentialAction":[{"@type":"ReadAction","target":["https:\/\/fundaciosantjoaquim.org\/es\/contacto\/"]}]},{"@type":"BreadcrumbList","@id":"https:\/\/fundaciosantjoaquim.org\/es\/contacto\/#breadcrumb","itemListElement":[{"@type":"ListItem","position":1,"name":"Portada","item":"https:\/\/fundaciosantjoaquim.org\/es\/"},{"@type":"ListItem","position":2,"name":"Contacto"}]},{"@type":"WebSite","@id":"https:\/\/fundaciosantjoaquim.org\/es\/#website","url":"https:\/\/fundaciosantjoaquim.org\/es\/","name":"Fundaci\u00f3 Sant Joaquim","description":"","potentialAction":[{"@type":"SearchAction","target":{"@type":"EntryPoint","urlTemplate":"https:\/\/fundaciosantjoaquim.org\/es\/?s={search_term_string}"},"query-input":{"@type":"PropertyValueSpecification","valueRequired":true,"valueName":"search_term_string"}}],"inLanguage":"es"}]}},"_links":{"self":[{"href":"https:\/\/fundaciosantjoaquim.org\/es\/wp-json\/wp\/v2\/pages\/183","targetHints":{"allow":["GET"]}}],"collection":[{"href":"https:\/\/fundaciosantjoaquim.org\/es\/wp-json\/wp\/v2\/pages"}],"about":[{"href":"https:\/\/fundaciosantjoaquim.org\/es\/wp-json\/wp\/v2\/types\/page"}],"author":[{"embeddable":true,"href":"https:\/\/fundaciosantjoaquim.org\/es\/wp-json\/wp\/v2\/users\/1"}],"replies":[{"embeddable":true,"href":"https:\/\/fundaciosantjoaquim.org\/es\/wp-json\/wp\/v2\/comments?post=183"}],"version-history":[{"count":8,"href":"https:\/\/fundaciosantjoaquim.org\/es\/wp-json\/wp\/v2\/pages\/183\/revisions"}],"predecessor-version":[{"id":314,"href":"https:\/\/fundaciosantjoaquim.org\/es\/wp-json\/wp\/v2\/pages\/183\/revisions\/314"}],"wp:attachment":[{"href":"https:\/\/fundaciosantjoaquim.org\/es\/wp-json\/wp\/v2\/media?parent=183"}],"curies":[{"name":"wp","href":"https:\/\/api.w.org\/{rel}","templated":true}]}}