{"id":186,"date":"2024-07-15T09:02:05","date_gmt":"2024-07-15T09:02:05","guid":{"rendered":"http:\/\/fundaciosantjoaquim.org\/?page_id=186"},"modified":"2024-11-07T10:42:05","modified_gmt":"2024-11-07T10:42:05","slug":"quiero-colaborar","status":"publish","type":"page","link":"https:\/\/fundaciosantjoaquim.org\/es\/quiero-colaborar\/","title":{"rendered":"Quiero colaborar"},"content":{"rendered":"\n<style type=\"text\/css\" data-created_by=\"avia_inline_auto\" id=\"style-css-av-v6ax6-cd62bff764b40e8893f2439742f77c4a\">\n.avia-section.av-v6ax6-cd62bff764b40e8893f2439742f77c4a{\nbackground-color:#7d1315;\nbackground-image:unset;\n}\n<\/style>\n<div id='av_section_1'  class='avia-section av-v6ax6-cd62bff764b40e8893f2439742f77c4a main_color avia-section-default avia-no-border-styling  avia-builder-el-0  el_before_av_one_half  avia-builder-el-first  avia-bg-style-scroll container_wrap fullsize'  ><div class='container av-section-cont-open' ><main  role=\"main\" itemprop=\"mainContentOfPage\"  class='template-page content  av-content-full alpha units'><div class='post-entry post-entry-type-page post-entry-186'><div class='entry-content-wrapper clearfix'>\n<div  class='flex_column av-pph9u-599ad6ba133b5939807cf04b2bc1dcb0 av_one_full  avia-builder-el-1  avia-builder-el-no-sibling  first flex_column_div  '     ><style type=\"text\/css\" data-created_by=\"avia_inline_auto\" id=\"style-css-av-m1os4967-6e50d883fd24fde3819fad1e14479ea9\">\n#top .av-special-heading.av-m1os4967-6e50d883fd24fde3819fad1e14479ea9{\npadding-bottom:10px;\ncolor:#ffffff;\n}\nbody .av-special-heading.av-m1os4967-6e50d883fd24fde3819fad1e14479ea9 .av-special-heading-tag .heading-char{\nfont-size:25px;\n}\n.av-special-heading.av-m1os4967-6e50d883fd24fde3819fad1e14479ea9 .special-heading-inner-border{\nborder-color:#ffffff;\n}\n.av-special-heading.av-m1os4967-6e50d883fd24fde3819fad1e14479ea9 .av-subheading{\nfont-size:15px;\n}\n<\/style>\n<div  class='av-special-heading av-m1os4967-6e50d883fd24fde3819fad1e14479ea9 av-special-heading-h1 custom-color-heading blockquote modern-quote modern-centered  avia-builder-el-2  avia-builder-el-no-sibling '><h1 class='av-special-heading-tag '  itemprop=\"headline\"  >Quiero colaborar<\/h1><div class=\"special-heading-border\"><div class=\"special-heading-inner-border\"><\/div><\/div><\/div><\/div>\n<\/div><\/div><\/main><!-- close content main element --><\/div><\/div><div id='after_section_1'  class='main_color av_default_container_wrap container_wrap fullsize'  ><div class='container av-section-cont-open' ><div class='template-page content  av-content-full alpha units'><div class='post-entry post-entry-type-page post-entry-186'><div class='entry-content-wrapper clearfix'>\n<div  class='flex_column av-jzafm-aa00f5b5dd9f6eaf9d3a9595762cee91 av_one_half  avia-builder-el-3  el_after_av_section  el_before_av_one_half  avia-builder-el-first  first flex_column_div  '     ><p>\n<style type=\"text\/css\" data-created_by=\"avia_inline_auto\" id=\"style-css-av-m1osli91-162eb4c416efaa79061723853465592d\">\n#top .av-special-heading.av-m1osli91-162eb4c416efaa79061723853465592d{\npadding-bottom:10px;\n}\nbody .av-special-heading.av-m1osli91-162eb4c416efaa79061723853465592d .av-special-heading-tag .heading-char{\nfont-size:25px;\n}\n.av-special-heading.av-m1osli91-162eb4c416efaa79061723853465592d .av-subheading{\nfont-size:15px;\n}\n<\/style>\n<div  class='av-special-heading av-m1osli91-162eb4c416efaa79061723853465592d av-special-heading-h2 blockquote modern-quote modern-centered  avia-builder-el-4  el_before_av_textblock  avia-builder-el-first '><h2 class='av-special-heading-tag '  itemprop=\"headline\"  >Hazte voluntario <\/h2><div class=\"special-heading-border\"><div class=\"special-heading-inner-border\"><\/div><\/div><\/div><br \/>\n<section  class='av_textblock_section av-m1osm8eo-4b95739f001f80f304c97e1ddb8f736b '   itemscope=\"itemscope\" itemtype=\"https:\/\/schema.org\/CreativeWork\" ><div class='avia_textblock'  itemprop=\"text\" ><p style=\"text-align: center;\"><span style=\"font-weight: 400;\">En el Comedor Social Sant Joaquim siempre hacen falta personas voluntarias para conseguir el objetivo de luchar contra el hambre y la vulnerabilidad.<\/span><\/p>\n<p style=\"text-align: center;\"><span style=\"font-weight: 400;\">Pod\u00e9is participar haciendo tareas en la cocina y sirviendo las comidas. Tambi\u00e9n pod\u00e9is ayudar en tareas de organizaci\u00f3n y log\u00edstica.<\/span><\/p>\n<p style=\"text-align: center;\"><span style=\"font-weight: 400;\">Las personas voluntarias vienen uno o dos d\u00edas a la semana y hacen el mismo turno para facilitar la coordinaci\u00f3n de los diferentes trabajos.\u00a0<\/span><\/p>\n<p style=\"text-align: center;\"><span style=\"font-weight: 400;\">Nos pod\u00e9is escribir para indicarnos qu\u00e9 es lo que m\u00e1s os gustar\u00eda hacer. Gracias!<\/span><\/p>\n<\/div><\/section><\/p><\/div>\n<div  class='flex_column av-eewp6-13fb918220f5a86eb544bcbf53e404fa av_one_half  avia-builder-el-6  el_after_av_one_half  el_before_av_section  avia-builder-el-last  flex_column_div  '     ><style type=\"text\/css\" data-created_by=\"avia_inline_auto\" id=\"style-css-av-m1oskvsa-25779edccdf667dc9828b5be5d13860f\">\n.avia-image-container.av-m1oskvsa-25779edccdf667dc9828b5be5d13860f img.avia_image{\nbox-shadow:none;\n}\n.avia-image-container.av-m1oskvsa-25779edccdf667dc9828b5be5d13860f .av-image-caption-overlay-center{\ncolor:#ffffff;\n}\n<\/style>\n<div  class='avia-image-container av-m1oskvsa-25779edccdf667dc9828b5be5d13860f av-styling- avia-align-center  avia-builder-el-7  avia-builder-el-no-sibling '   itemprop=\"image\" itemscope=\"itemscope\" itemtype=\"https:\/\/schema.org\/ImageObject\" ><div class=\"avia-image-container-inner\"><div class=\"avia-image-overlay-wrap\"><img decoding=\"async\" fetchpriority=\"high\" class='wp-image-283 avia-img-lazy-loading-not-283 avia_image ' src=\"https:\/\/fundaciosantjoaquim.org\/wp-content\/uploads\/2024\/09\/pexels-minan1398-853168-scaled.jpg\" alt='' title='pexels-minan1398-853168'  height=\"1687\" width=\"2560\"  itemprop=\"thumbnailUrl\" srcset=\"https:\/\/fundaciosantjoaquim.org\/wp-content\/uploads\/2024\/09\/pexels-minan1398-853168-scaled.jpg 2560w, https:\/\/fundaciosantjoaquim.org\/wp-content\/uploads\/2024\/09\/pexels-minan1398-853168-300x198.jpg 300w, https:\/\/fundaciosantjoaquim.org\/wp-content\/uploads\/2024\/09\/pexels-minan1398-853168-1030x679.jpg 1030w, https:\/\/fundaciosantjoaquim.org\/wp-content\/uploads\/2024\/09\/pexels-minan1398-853168-768x506.jpg 768w, https:\/\/fundaciosantjoaquim.org\/wp-content\/uploads\/2024\/09\/pexels-minan1398-853168-1536x1012.jpg 1536w, https:\/\/fundaciosantjoaquim.org\/wp-content\/uploads\/2024\/09\/pexels-minan1398-853168-2048x1349.jpg 2048w, https:\/\/fundaciosantjoaquim.org\/wp-content\/uploads\/2024\/09\/pexels-minan1398-853168-1500x988.jpg 1500w, https:\/\/fundaciosantjoaquim.org\/wp-content\/uploads\/2024\/09\/pexels-minan1398-853168-705x464.jpg 705w, https:\/\/fundaciosantjoaquim.org\/wp-content\/uploads\/2024\/09\/pexels-minan1398-853168-450x296.jpg 450w, https:\/\/fundaciosantjoaquim.org\/wp-content\/uploads\/2024\/09\/pexels-minan1398-853168-600x395.jpg 600w\" sizes=\"(max-width: 2560px) 100vw, 2560px\" \/><\/div><\/div><\/div><\/div>\n<\/div><\/div><\/div><!-- close content main div --><\/div><\/div>\n<style type=\"text\/css\" data-created_by=\"avia_inline_auto\" id=\"style-css-av-m1osqgg0-3d061d9e73c717521ad7e714d0e42a0d\">\n.avia-section.av-m1osqgg0-3d061d9e73c717521ad7e714d0e42a0d{\nbackground-color:#f3f3f3;\nbackground-image:unset;\n}\n<\/style>\n<div id='av_section_2'  class='avia-section av-m1osqgg0-3d061d9e73c717521ad7e714d0e42a0d main_color avia-section-default avia-no-border-styling  avia-builder-el-8  el_after_av_one_half  avia-builder-el-last  avia-bg-style-scroll container_wrap fullsize'  ><div class='container av-section-cont-open' ><div class='template-page content  av-content-full alpha units'><div class='post-entry post-entry-type-page post-entry-186'><div class='entry-content-wrapper clearfix'>\n<div  class='flex_column av-159he-b4359152573324f61a77c41d12d7903b av_one_full  avia-builder-el-9  el_before_av_textblock  avia-builder-el-first  first flex_column_div  '     ><style type=\"text\/css\" data-created_by=\"avia_inline_auto\" id=\"style-css-av-m1osrcpg-ee79a36b6e9f5a91082c8c973857283b\">\n#top .av-special-heading.av-m1osrcpg-ee79a36b6e9f5a91082c8c973857283b{\npadding-bottom:10px;\n}\nbody .av-special-heading.av-m1osrcpg-ee79a36b6e9f5a91082c8c973857283b .av-special-heading-tag .heading-char{\nfont-size:25px;\n}\n.av-special-heading.av-m1osrcpg-ee79a36b6e9f5a91082c8c973857283b .av-subheading{\nfont-size:15px;\n}\n<\/style>\n<div  class='av-special-heading av-m1osrcpg-ee79a36b6e9f5a91082c8c973857283b av-special-heading-h2 blockquote modern-quote modern-centered  avia-builder-el-10  avia-builder-el-no-sibling '><h2 class='av-special-heading-tag '  itemprop=\"headline\"  >Colabora<\/h2><div class=\"special-heading-border\"><div class=\"special-heading-inner-border\"><\/div><\/div><\/div><\/div><section  class='av_textblock_section av-m1osskum-072faf5e3ebe3f0f007ddc4dfd1b0fd6 '   itemscope=\"itemscope\" itemtype=\"https:\/\/schema.org\/CreativeWork\" ><div class='avia_textblock'  itemprop=\"text\" ><p style=\"text-align: center;\">Colaborar con Amigos del Comedor Social Sant Joaquim a partir de 10\u20ac al mes.<br \/>\nLas empresas tambi\u00e9n pueden colaborar con el Comedor Social Sant Joaquim y, como todas las aportaciones est\u00e1n sujetas a la Ley de Donaciones, obtendr\u00e1n la correspondiente desgravaci\u00f3n fiscal en el impuesto de Sociedades.<\/p>\n<\/div><\/section>\n<div class='flex_column_table av-m1ot1kmx-605a893f1bf3ceed46c22c584952c8a7 sc-av_one_half av-equal-height-column-flextable'>\n<style type=\"text\/css\" data-created_by=\"avia_inline_auto\" id=\"style-css-av-m1ot1kmx-605a893f1bf3ceed46c22c584952c8a7\">\n.flex_column.av-m1ot1kmx-605a893f1bf3ceed46c22c584952c8a7{\nwidth:49%;\nmargin-left:0;\n}\n#top .flex_column_table.av-equal-height-column-flextable.av-m1ot1kmx-605a893f1bf3ceed46c22c584952c8a7 .av-flex-placeholder{\nwidth:2%;\n}\n<\/style>\n<div  class='flex_column av-m1ot1kmx-605a893f1bf3ceed46c22c584952c8a7 av_one_half  avia-builder-el-12  el_after_av_textblock  el_before_av_one_half  first flex_column_table_cell av-equal-height-column av-align-top  column-top-margin'     ><style type=\"text\/css\" data-created_by=\"avia_inline_auto\" id=\"style-css-av-m1ot5ibf-bf39925c3353fbec41dc99b832adcecb\">\n.avia-image-container.av-m1ot5ibf-bf39925c3353fbec41dc99b832adcecb img.avia_image{\nbox-shadow:none;\n}\n.avia-image-container.av-m1ot5ibf-bf39925c3353fbec41dc99b832adcecb .av-image-caption-overlay-center{\ncolor:#ffffff;\n}\n<\/style>\n<div  class='avia-image-container av-m1ot5ibf-bf39925c3353fbec41dc99b832adcecb av-styling- avia-align-center  avia-builder-el-13  avia-builder-el-no-sibling '   itemprop=\"image\" itemscope=\"itemscope\" itemtype=\"https:\/\/schema.org\/ImageObject\" ><div class=\"avia-image-container-inner\"><div class=\"avia-image-overlay-wrap\"><img decoding=\"async\" fetchpriority=\"high\" class='wp-image-101 avia-img-lazy-loading-not-101 avia_image ' src=\"https:\/\/fundaciosantjoaquim.org\/wp-content\/uploads\/2024\/07\/pexels-aaronburden-2449543.jpg\" alt='' title='pexels-aaronburden-2449543'  height=\"960\" width=\"1280\"  itemprop=\"thumbnailUrl\" srcset=\"https:\/\/fundaciosantjoaquim.org\/wp-content\/uploads\/2024\/07\/pexels-aaronburden-2449543.jpg 1280w, https:\/\/fundaciosantjoaquim.org\/wp-content\/uploads\/2024\/07\/pexels-aaronburden-2449543-300x225.jpg 300w, https:\/\/fundaciosantjoaquim.org\/wp-content\/uploads\/2024\/07\/pexels-aaronburden-2449543-1030x773.jpg 1030w, https:\/\/fundaciosantjoaquim.org\/wp-content\/uploads\/2024\/07\/pexels-aaronburden-2449543-768x576.jpg 768w, https:\/\/fundaciosantjoaquim.org\/wp-content\/uploads\/2024\/07\/pexels-aaronburden-2449543-705x529.jpg 705w, https:\/\/fundaciosantjoaquim.org\/wp-content\/uploads\/2024\/07\/pexels-aaronburden-2449543-450x338.jpg 450w, https:\/\/fundaciosantjoaquim.org\/wp-content\/uploads\/2024\/07\/pexels-aaronburden-2449543-600x450.jpg 600w\" sizes=\"(max-width: 1280px) 100vw, 1280px\" \/><\/div><\/div><\/div><\/div><div class='av-flex-placeholder'><\/div>\n<style type=\"text\/css\" data-created_by=\"avia_inline_auto\" id=\"style-css-av-m1ot1uwy-510ddbb930e4df4cfff796d1bdeb5d79\">\n.flex_column.av-m1ot1uwy-510ddbb930e4df4cfff796d1bdeb5d79{\nwidth:49%;\nmargin-left:0;\n}\n#top .flex_column_table.av-equal-height-column-flextable.av-m1ot1uwy-510ddbb930e4df4cfff796d1bdeb5d79 .av-flex-placeholder{\nwidth:2%;\n}\n<\/style>\n<div  class='flex_column av-m1ot1uwy-510ddbb930e4df4cfff796d1bdeb5d79 av_one_half  avia-builder-el-14  el_after_av_one_half  avia-builder-el-last  flex_column_table_cell av-equal-height-column av-align-top  column-top-margin'     ><form action=\"https:\/\/fundaciosantjoaquim.org\/es\/quiero-colaborar\/\" method=\"post\" data-fields-with-error=\"Found errors in the following field(s):\" class=\"avia_ajax_form av-form-labels-hidden   avia-builder-el-15  avia-builder-el-no-sibling   \" data-avia-form-id=\"1\" data-avia-redirect=''  aria-label='Formulario de contacto' ><fieldset><p class='  first_form  form_element form_element_third' id='element_avia_1_1'><label for=\"avia_1_1\">Nombre <abbr class=\"required\" title=\"requerido\">*<\/abbr><\/label> <input name=\"avia_1_1\" class=\"text_input is_empty\" type=\"text\" id=\"avia_1_1\" value=\"\"  placeholder='Nombre*'\/><\/p><p class='  form_element form_element_third' id='element_avia_2_1'><label for=\"avia_2_1\">Apellido 1 <abbr class=\"required\" title=\"requerido\">*<\/abbr><\/label> <input name=\"avia_2_1\" class=\"text_input is_empty\" type=\"text\" id=\"avia_2_1\" value=\"\"  placeholder='Apellido 1*'\/><\/p><p class='  form_element form_element_third' id='element_avia_3_1'><label for=\"avia_3_1\">Apellido 2<\/label> <input name=\"avia_3_1\" class=\"text_input \" type=\"text\" id=\"avia_3_1\" value=\"\"  placeholder='Apellido 2'\/><\/p><p class='  first_form  form_element form_fullwidth' id='element_avia_4_1'><label for=\"avia_4_1\">Empresa (nombre fiscal)<\/label> <input name=\"avia_4_1\" class=\"text_input \" type=\"text\" id=\"avia_4_1\" value=\"\"  placeholder='Empresa (nombre fiscal)'\/><\/p><p class='  first_form  form_element form_element_half' id='element_avia_5_1'><label for=\"avia_5_1\">Direcci\u00f3n <abbr class=\"required\" title=\"requerido\">*<\/abbr><\/label> <input name=\"avia_5_1\" class=\"text_input is_empty\" type=\"text\" id=\"avia_5_1\" value=\"\"  placeholder='Direcci\u00f3n*'\/><\/p><p class='  form_element form_element_half' id='element_avia_6_1'><label for=\"avia_6_1\">Poblaci\u00f3n  <abbr class=\"required\" title=\"requerido\">*<\/abbr><\/label> <input name=\"avia_6_1\" class=\"text_input is_empty\" type=\"text\" id=\"avia_6_1\" value=\"\"  placeholder='Poblaci\u00f3n *'\/><\/p><p class='  first_form  form_element form_element_half' id='element_avia_7_1'><label for=\"avia_7_1\">Provincia <abbr class=\"required\" title=\"requerido\">*<\/abbr><\/label> <input name=\"avia_7_1\" class=\"text_input is_empty\" type=\"text\" id=\"avia_7_1\" value=\"\"  placeholder='Provincia*'\/><\/p><p class='  form_element form_element_half' id='element_avia_8_1'><label for=\"avia_8_1\">C\u00f3digo postal <abbr class=\"required\" title=\"requerido\">*<\/abbr><\/label> <input name=\"avia_8_1\" class=\"text_input is_empty\" type=\"text\" id=\"avia_8_1\" value=\"\"  placeholder='C\u00f3digo postal*'\/><\/p><p class='  first_form  form_element form_element_half' id='element_avia_9_1'><label for=\"avia_9_1\">Fecha de nacimiento<\/label> <input name=\"avia_9_1\" class=\"avia_datepicker text_input \" type=\"text\" id=\"avia_9_1\" value=\"\" placeholder=\"Fecha de nacimiento\" inputmode=\"none\" \/><\/p><p class='  form_element form_element_half' id='element_avia_10_1'><label for=\"avia_10_1\">DNI\/NIF <abbr class=\"required\" title=\"requerido\">*<\/abbr><\/label> <input name=\"avia_10_1\" class=\"text_input is_empty\" type=\"text\" id=\"avia_10_1\" value=\"\"  placeholder='DNI\/NIF*'\/><\/p><p class='  first_form  form_element form_element_half' id='element_avia_11_1'><label for=\"avia_11_1\">Tel\u00e9fono <abbr class=\"required\" title=\"requerido\">*<\/abbr><\/label> <input name=\"avia_11_1\" class=\"text_input is_phone\" type=\"text\" id=\"avia_11_1\" value=\"\"  placeholder='Tel\u00e9fono*'\/><\/p><p class='  form_element form_element_half' id='element_avia_12_1'><label for=\"avia_12_1\">Correo electr\u00f3nico <abbr class=\"required\" title=\"requerido\">*<\/abbr><\/label> <input name=\"avia_12_1\" class=\"text_input is_email\" type=\"text\" id=\"avia_12_1\" value=\"\"  placeholder='Correo electr\u00f3nico*'\/><\/p><p class=\"hidden\"><input type=\"text\" name=\"avia_13_1\" class=\"hidden \" id=\"avia_13_1\" value=\"\" \/><\/p><div id='avia_14_1' class='av-recaptcha-area  first_form  form_element form_fullwidth av-last-visible-form-element '  data-container_class=\"\" data-custom_class=\"\" data-context=\"av_contact_form\" data-token_input=\"av_recaptcha_token\" data-version=\"avia_recaptcha_v2\" data-theme=\"light\" data-size=\"normal\" data-score=\"0.5\" data-text_to_preview=\"\" data-value=\"\"><div class=\"av-google-badge-message hidden\">This site is protected by reCAPTCHA and the Google <a href=\"https:\/\/policies.google.com\/privacy\">Privacy Policy<\/a> and <a href=\"https:\/\/policies.google.com\/terms\">Terms of Service<\/a> apply.<\/div><\/div><p class=' av_form_privacy_check av_contact_privacy_check first_form  form_element form_fullwidth' id='element_avia_15_1'><input  name=\"avia_15_1\" class=\"input_checkbox is_empty\" type=\"checkbox\" id=\"avia_15_1\" value=\"true\"\/><label class=\"input_checkbox_label\" for=\"avia_15_1\">Acepto los t\u00e9rminos y condiciones establecidos en la  <a href='https:\/\/fundaciosantjoaquim.org\/es\/politica-de-privacidad\/' target='_blank'>Pol\u00edtica de privacidad<\/a> <abbr class=\"required\" title=\"requerido\">*<\/abbr><\/label><\/p><p class=\"form_element \"><input type=\"hidden\" value=\"1\" name=\"avia_generated_form1\" \/><input type=\"submit\" value=\"Enviar\" class=\"button\"  data-sending-label=\"Enviando\"\/><\/p><\/fieldset><div class=\"avia-disabled-form\">Este formulario de contacto est\u00e1 desactivado porque rechazaste aceptar el servicio de Google reCaptcha, que es necesario para validar los mensajes enviados a trav\u00e9s del formulario.<\/div><\/form><div id=\"ajaxresponse_1\" class=\"ajaxresponse ajaxresponse_1 hidden\"><\/div><\/div><\/div><!--close column table wrapper. Autoclose: 1 -->\n","protected":false},"excerpt":{"rendered":"","protected":false},"author":1,"featured_media":0,"parent":0,"menu_order":0,"comment_status":"closed","ping_status":"closed","template":"","meta":{"footnotes":""},"class_list":["post-186","page","type-page","status-publish","hentry"],"yoast_head":"<!-- This site is optimized with the Yoast SEO plugin v27.4 - https:\/\/yoast.com\/product\/yoast-seo-wordpress\/ -->\n<title>Quiero colaborar - Fundaci\u00f3 Sant Joaquim<\/title>\n<meta name=\"description\" content=\"Colabora con Fundaci\u00f3 Sant Joaquim y ayuda a quienes m\u00e1s lo necesitan. Juntos podemos hacer la diferencia con tu tiempo, esfuerzo o donaciones.\" \/>\n<meta name=\"robots\" content=\"index, follow, max-snippet:-1, max-image-preview:large, max-video-preview:-1\" \/>\n<link rel=\"canonical\" href=\"https:\/\/fundaciosantjoaquim.org\/es\/quiero-colaborar\/\" \/>\n<meta property=\"og:locale\" content=\"es_ES\" \/>\n<meta property=\"og:type\" content=\"article\" \/>\n<meta property=\"og:title\" content=\"Quiero colaborar - Fundaci\u00f3 Sant Joaquim\" \/>\n<meta property=\"og:description\" content=\"Colabora con Fundaci\u00f3 Sant Joaquim y ayuda a quienes m\u00e1s lo necesitan. Juntos podemos hacer la diferencia con tu tiempo, esfuerzo o donaciones.\" \/>\n<meta property=\"og:url\" content=\"https:\/\/fundaciosantjoaquim.org\/es\/quiero-colaborar\/\" \/>\n<meta property=\"og:site_name\" content=\"Fundaci\u00f3 Sant Joaquim\" \/>\n<meta property=\"article:modified_time\" content=\"2024-11-07T10:42:05+00:00\" \/>\n<meta name=\"twitter:card\" content=\"summary_large_image\" \/>\n<meta name=\"twitter:label1\" content=\"Tiempo de lectura\" \/>\n\t<meta name=\"twitter:data1\" content=\"2 minutos\" \/>\n<script type=\"application\/ld+json\" class=\"yoast-schema-graph\">{\"@context\":\"https:\\\/\\\/schema.org\",\"@graph\":[{\"@type\":\"WebPage\",\"@id\":\"https:\\\/\\\/fundaciosantjoaquim.org\\\/es\\\/quiero-colaborar\\\/\",\"url\":\"https:\\\/\\\/fundaciosantjoaquim.org\\\/es\\\/quiero-colaborar\\\/\",\"name\":\"Quiero colaborar - Fundaci\u00f3 Sant Joaquim\",\"isPartOf\":{\"@id\":\"https:\\\/\\\/fundaciosantjoaquim.org\\\/es\\\/#website\"},\"datePublished\":\"2024-07-15T09:02:05+00:00\",\"dateModified\":\"2024-11-07T10:42:05+00:00\",\"description\":\"Colabora con Fundaci\u00f3 Sant Joaquim y ayuda a quienes m\u00e1s lo necesitan. Juntos podemos hacer la diferencia con tu tiempo, esfuerzo o donaciones.\",\"breadcrumb\":{\"@id\":\"https:\\\/\\\/fundaciosantjoaquim.org\\\/es\\\/quiero-colaborar\\\/#breadcrumb\"},\"inLanguage\":\"es\",\"potentialAction\":[{\"@type\":\"ReadAction\",\"target\":[\"https:\\\/\\\/fundaciosantjoaquim.org\\\/es\\\/quiero-colaborar\\\/\"]}]},{\"@type\":\"BreadcrumbList\",\"@id\":\"https:\\\/\\\/fundaciosantjoaquim.org\\\/es\\\/quiero-colaborar\\\/#breadcrumb\",\"itemListElement\":[{\"@type\":\"ListItem\",\"position\":1,\"name\":\"Portada\",\"item\":\"https:\\\/\\\/fundaciosantjoaquim.org\\\/es\\\/\"},{\"@type\":\"ListItem\",\"position\":2,\"name\":\"Quiero colaborar\"}]},{\"@type\":\"WebSite\",\"@id\":\"https:\\\/\\\/fundaciosantjoaquim.org\\\/es\\\/#website\",\"url\":\"https:\\\/\\\/fundaciosantjoaquim.org\\\/es\\\/\",\"name\":\"Fundaci\u00f3 Sant Joaquim\",\"description\":\"\",\"potentialAction\":[{\"@type\":\"SearchAction\",\"target\":{\"@type\":\"EntryPoint\",\"urlTemplate\":\"https:\\\/\\\/fundaciosantjoaquim.org\\\/es\\\/?s={search_term_string}\"},\"query-input\":{\"@type\":\"PropertyValueSpecification\",\"valueRequired\":true,\"valueName\":\"search_term_string\"}}],\"inLanguage\":\"es\"}]}<\/script>\n<!-- \/ Yoast SEO plugin. -->","yoast_head_json":{"title":"Quiero colaborar - Fundaci\u00f3 Sant Joaquim","description":"Colabora con Fundaci\u00f3 Sant Joaquim y ayuda a quienes m\u00e1s lo necesitan. Juntos podemos hacer la diferencia con tu tiempo, esfuerzo o donaciones.","robots":{"index":"index","follow":"follow","max-snippet":"max-snippet:-1","max-image-preview":"max-image-preview:large","max-video-preview":"max-video-preview:-1"},"canonical":"https:\/\/fundaciosantjoaquim.org\/es\/quiero-colaborar\/","og_locale":"es_ES","og_type":"article","og_title":"Quiero colaborar - Fundaci\u00f3 Sant Joaquim","og_description":"Colabora con Fundaci\u00f3 Sant Joaquim y ayuda a quienes m\u00e1s lo necesitan. Juntos podemos hacer la diferencia con tu tiempo, esfuerzo o donaciones.","og_url":"https:\/\/fundaciosantjoaquim.org\/es\/quiero-colaborar\/","og_site_name":"Fundaci\u00f3 Sant Joaquim","article_modified_time":"2024-11-07T10:42:05+00:00","twitter_card":"summary_large_image","twitter_misc":{"Tiempo de lectura":"2 minutos"},"schema":{"@context":"https:\/\/schema.org","@graph":[{"@type":"WebPage","@id":"https:\/\/fundaciosantjoaquim.org\/es\/quiero-colaborar\/","url":"https:\/\/fundaciosantjoaquim.org\/es\/quiero-colaborar\/","name":"Quiero colaborar - Fundaci\u00f3 Sant Joaquim","isPartOf":{"@id":"https:\/\/fundaciosantjoaquim.org\/es\/#website"},"datePublished":"2024-07-15T09:02:05+00:00","dateModified":"2024-11-07T10:42:05+00:00","description":"Colabora con Fundaci\u00f3 Sant Joaquim y ayuda a quienes m\u00e1s lo necesitan. Juntos podemos hacer la diferencia con tu tiempo, esfuerzo o donaciones.","breadcrumb":{"@id":"https:\/\/fundaciosantjoaquim.org\/es\/quiero-colaborar\/#breadcrumb"},"inLanguage":"es","potentialAction":[{"@type":"ReadAction","target":["https:\/\/fundaciosantjoaquim.org\/es\/quiero-colaborar\/"]}]},{"@type":"BreadcrumbList","@id":"https:\/\/fundaciosantjoaquim.org\/es\/quiero-colaborar\/#breadcrumb","itemListElement":[{"@type":"ListItem","position":1,"name":"Portada","item":"https:\/\/fundaciosantjoaquim.org\/es\/"},{"@type":"ListItem","position":2,"name":"Quiero colaborar"}]},{"@type":"WebSite","@id":"https:\/\/fundaciosantjoaquim.org\/es\/#website","url":"https:\/\/fundaciosantjoaquim.org\/es\/","name":"Fundaci\u00f3 Sant Joaquim","description":"","potentialAction":[{"@type":"SearchAction","target":{"@type":"EntryPoint","urlTemplate":"https:\/\/fundaciosantjoaquim.org\/es\/?s={search_term_string}"},"query-input":{"@type":"PropertyValueSpecification","valueRequired":true,"valueName":"search_term_string"}}],"inLanguage":"es"}]}},"_links":{"self":[{"href":"https:\/\/fundaciosantjoaquim.org\/es\/wp-json\/wp\/v2\/pages\/186","targetHints":{"allow":["GET"]}}],"collection":[{"href":"https:\/\/fundaciosantjoaquim.org\/es\/wp-json\/wp\/v2\/pages"}],"about":[{"href":"https:\/\/fundaciosantjoaquim.org\/es\/wp-json\/wp\/v2\/types\/page"}],"author":[{"embeddable":true,"href":"https:\/\/fundaciosantjoaquim.org\/es\/wp-json\/wp\/v2\/users\/1"}],"replies":[{"embeddable":true,"href":"https:\/\/fundaciosantjoaquim.org\/es\/wp-json\/wp\/v2\/comments?post=186"}],"version-history":[{"count":10,"href":"https:\/\/fundaciosantjoaquim.org\/es\/wp-json\/wp\/v2\/pages\/186\/revisions"}],"predecessor-version":[{"id":312,"href":"https:\/\/fundaciosantjoaquim.org\/es\/wp-json\/wp\/v2\/pages\/186\/revisions\/312"}],"wp:attachment":[{"href":"https:\/\/fundaciosantjoaquim.org\/es\/wp-json\/wp\/v2\/media?parent=186"}],"curies":[{"name":"wp","href":"https:\/\/api.w.org\/{rel}","templated":true}]}}