{"id":301,"date":"2024-09-30T09:42:58","date_gmt":"2024-09-30T09:42:58","guid":{"rendered":"http:\/\/fundaciosantjoaquim.org\/?page_id=301"},"modified":"2024-11-07T10:29:21","modified_gmt":"2024-11-07T10:29:21","slug":"donaciones","status":"publish","type":"page","link":"https:\/\/fundaciosantjoaquim.org\/es\/donaciones\/","title":{"rendered":"Donaciones"},"content":{"rendered":"\n<style type=\"text\/css\" data-created_by=\"avia_inline_auto\" id=\"style-css-av-m1otmpid-10ac6f451ab8a173d9afa04a85f2cb61\">\n.avia-section.av-m1otmpid-10ac6f451ab8a173d9afa04a85f2cb61{\nbackground-color:#7d1315;\nbackground-image:unset;\n}\n<\/style>\n<div id='av_section_1'  class='avia-section av-m1otmpid-10ac6f451ab8a173d9afa04a85f2cb61 main_color avia-section-default avia-no-border-styling  avia-builder-el-0  el_before_av_one_half  avia-builder-el-first  avia-bg-style-scroll container_wrap fullsize'  ><div class='container av-section-cont-open' ><main  role=\"main\" itemprop=\"mainContentOfPage\"  class='template-page content  av-content-full alpha units'><div class='post-entry post-entry-type-page post-entry-301'><div class='entry-content-wrapper clearfix'>\n<div  class='flex_column av-906r9-6787a39c9a5903b6bcd07a689722152a av_one_full  avia-builder-el-1  avia-builder-el-no-sibling  first flex_column_div  '     ><style type=\"text\/css\" data-created_by=\"avia_inline_auto\" id=\"style-css-av-m1otn8re-d4c1e890aedb89e424ef745eaa58b790\">\n#top .av-special-heading.av-m1otn8re-d4c1e890aedb89e424ef745eaa58b790{\npadding-bottom:10px;\ncolor:#ffffff;\n}\nbody .av-special-heading.av-m1otn8re-d4c1e890aedb89e424ef745eaa58b790 .av-special-heading-tag .heading-char{\nfont-size:25px;\n}\n.av-special-heading.av-m1otn8re-d4c1e890aedb89e424ef745eaa58b790 .special-heading-inner-border{\nborder-color:#ffffff;\n}\n.av-special-heading.av-m1otn8re-d4c1e890aedb89e424ef745eaa58b790 .av-subheading{\nfont-size:15px;\n}\n<\/style>\n<div  class='av-special-heading av-m1otn8re-d4c1e890aedb89e424ef745eaa58b790 av-special-heading-h1 custom-color-heading blockquote modern-quote modern-centered  avia-builder-el-2  avia-builder-el-no-sibling '><h1 class='av-special-heading-tag '  itemprop=\"headline\"  >Donaciones <\/h1><div class=\"special-heading-border\"><div class=\"special-heading-inner-border\"><\/div><\/div><\/div><\/div>\n<\/div><\/div><\/main><!-- close content main element --><\/div><\/div><div id='after_section_1'  class='main_color av_default_container_wrap container_wrap fullsize'  ><div class='container av-section-cont-open' ><div class='template-page content  av-content-full alpha units'><div class='post-entry post-entry-type-page post-entry-301'><div class='entry-content-wrapper clearfix'>\n<div class='flex_column_table av-m1otpyo8-b7eead9883def975fd2132d65815ae3b sc-av_one_half av-equal-height-column-flextable'>\n<style type=\"text\/css\" data-created_by=\"avia_inline_auto\" id=\"style-css-av-m1otpyo8-b7eead9883def975fd2132d65815ae3b\">\n.flex_column.av-m1otpyo8-b7eead9883def975fd2132d65815ae3b{\nwidth:48.5%;\nmargin-left:0;\n}\n#top .flex_column_table.av-equal-height-column-flextable.av-m1otpyo8-b7eead9883def975fd2132d65815ae3b .av-flex-placeholder{\nwidth:3%;\n}\n<\/style>\n<div  class='flex_column av-m1otpyo8-b7eead9883def975fd2132d65815ae3b av_one_half  avia-builder-el-3  el_after_av_section  el_before_av_one_half  avia-builder-el-first  first flex_column_table_cell av-equal-height-column av-align-top  '     ><p>\n<style type=\"text\/css\" data-created_by=\"avia_inline_auto\" id=\"style-css-av-m1otpfv8-b5e9abc000979096e1c99ce3184f4212\">\n#top .av-special-heading.av-m1otpfv8-b5e9abc000979096e1c99ce3184f4212{\npadding-bottom:10px;\n}\nbody .av-special-heading.av-m1otpfv8-b5e9abc000979096e1c99ce3184f4212 .av-special-heading-tag .heading-char{\nfont-size:25px;\n}\n.av-special-heading.av-m1otpfv8-b5e9abc000979096e1c99ce3184f4212 .av-subheading{\nfont-size:15px;\n}\n<\/style>\n<div  class='av-special-heading av-m1otpfv8-b5e9abc000979096e1c99ce3184f4212 av-special-heading-h2 blockquote modern-quote modern-centered  avia-builder-el-4  el_before_av_textblock  avia-builder-el-first '><h2 class='av-special-heading-tag '  itemprop=\"headline\"  >Sant Joaquim <\/h2><div class=\"special-heading-border\"><div class=\"special-heading-inner-border\"><\/div><\/div><\/div><br \/>\n<section  class='av_textblock_section av-m1otpp5p-b6ba67052832cdd53ae9aaef6a3bfe5a '   itemscope=\"itemscope\" itemtype=\"https:\/\/schema.org\/CreativeWork\" ><div class='avia_textblock'  itemprop=\"text\" ><p style=\"text-align: center;\"><span style=\"font-weight: 400;\">La Fundaci\u00f3n Sant Joaquim y el Comedor Social es una entidad sin \u00e1nimo de lucro reconocida por la Generalitat de Catalu\u00f1a. Estamos sujetos a la ley 49\/2002, de los incentivos fiscales al mecenazgo, colaborar con nosotros tiene beneficios fiscales. Des del 1 de Enero de 2020 han aumentado en cinco puntos las desgravaciones fiscales. Ahora, donar m\u00e1s te cuesta menos!<\/span><\/p>\n<\/div><\/section><\/p><\/div>\n<div class='av-flex-placeholder'><\/div>\n<style type=\"text\/css\" data-created_by=\"avia_inline_auto\" id=\"style-css-av-fmctx-de148acb9a6961629e31502696912eef\">\n.flex_column.av-fmctx-de148acb9a6961629e31502696912eef{\nwidth:48.5%;\nmargin-left:0;\n}\n#top .flex_column_table.av-equal-height-column-flextable.av-fmctx-de148acb9a6961629e31502696912eef .av-flex-placeholder{\nwidth:3%;\n}\n<\/style>\n<div  class='flex_column av-fmctx-de148acb9a6961629e31502696912eef av_one_half  avia-builder-el-6  el_after_av_one_half  el_before_av_section  avia-builder-el-last  flex_column_table_cell av-equal-height-column av-align-top  '     ><style type=\"text\/css\" data-created_by=\"avia_inline_auto\" id=\"style-css-av-m1otqjnw-5d7a07b1e6352ca968a3014c1fcea7c8\">\n.avia-image-container.av-m1otqjnw-5d7a07b1e6352ca968a3014c1fcea7c8 img.avia_image{\nbox-shadow:none;\n}\n.avia-image-container.av-m1otqjnw-5d7a07b1e6352ca968a3014c1fcea7c8 .av-image-caption-overlay-center{\ncolor:#ffffff;\n}\n<\/style>\n<div  class='avia-image-container av-m1otqjnw-5d7a07b1e6352ca968a3014c1fcea7c8 av-styling- avia-align-center  avia-builder-el-7  avia-builder-el-no-sibling '   itemprop=\"image\" itemscope=\"itemscope\" itemtype=\"https:\/\/schema.org\/ImageObject\" ><div class=\"avia-image-container-inner\"><div class=\"avia-image-overlay-wrap\"><img decoding=\"async\" fetchpriority=\"high\" class='wp-image-88 avia-img-lazy-loading-not-88 avia_image ' src=\"https:\/\/fundaciosantjoaquim.org\/wp-content\/uploads\/2024\/07\/pexels-nita-9825-54300.jpg\" alt='' title='pexels-nita-9825-54300'  height=\"853\" width=\"1280\"  itemprop=\"thumbnailUrl\" srcset=\"https:\/\/fundaciosantjoaquim.org\/wp-content\/uploads\/2024\/07\/pexels-nita-9825-54300.jpg 1280w, https:\/\/fundaciosantjoaquim.org\/wp-content\/uploads\/2024\/07\/pexels-nita-9825-54300-300x200.jpg 300w, https:\/\/fundaciosantjoaquim.org\/wp-content\/uploads\/2024\/07\/pexels-nita-9825-54300-1030x686.jpg 1030w, https:\/\/fundaciosantjoaquim.org\/wp-content\/uploads\/2024\/07\/pexels-nita-9825-54300-768x512.jpg 768w, https:\/\/fundaciosantjoaquim.org\/wp-content\/uploads\/2024\/07\/pexels-nita-9825-54300-705x470.jpg 705w, https:\/\/fundaciosantjoaquim.org\/wp-content\/uploads\/2024\/07\/pexels-nita-9825-54300-450x300.jpg 450w, https:\/\/fundaciosantjoaquim.org\/wp-content\/uploads\/2024\/07\/pexels-nita-9825-54300-600x400.jpg 600w\" sizes=\"(max-width: 1280px) 100vw, 1280px\" \/><\/div><\/div><\/div><\/div><\/div><!--close column table wrapper. Autoclose: 1 -->\n<\/div><\/div><\/div><!-- close content main div --><\/div><\/div>\n<style type=\"text\/css\" data-created_by=\"avia_inline_auto\" id=\"style-css-av-m1otrfta-b8c8a871fcba5a2c52e17eb07558f36e\">\n.avia-section.av-m1otrfta-b8c8a871fcba5a2c52e17eb07558f36e{\nbackground-color:#f3f3f3;\nbackground-image:unset;\n}\n<\/style>\n<div id='av_section_2'  class='avia-section av-m1otrfta-b8c8a871fcba5a2c52e17eb07558f36e main_color avia-section-default avia-no-border-styling  avia-builder-el-8  el_after_av_one_half  avia-builder-el-last  avia-bg-style-scroll container_wrap fullsize'  ><div class='container av-section-cont-open' ><div class='template-page content  av-content-full alpha units'><div class='post-entry post-entry-type-page post-entry-301'><div class='entry-content-wrapper clearfix'>\n<div  class='flex_column av-9fxvx-5e07278fad53c6d3ed97ed1ca4584820 av_one_full  avia-builder-el-9  el_before_av_one_full  avia-builder-el-first  first flex_column_div  '     ><p>\n<style type=\"text\/css\" data-created_by=\"avia_inline_auto\" id=\"style-css-av-m1ots39t-768a96cc70af0a5781fcb7e771090494\">\n#top .av-special-heading.av-m1ots39t-768a96cc70af0a5781fcb7e771090494{\npadding-bottom:10px;\n}\nbody .av-special-heading.av-m1ots39t-768a96cc70af0a5781fcb7e771090494 .av-special-heading-tag .heading-char{\nfont-size:25px;\n}\n.av-special-heading.av-m1ots39t-768a96cc70af0a5781fcb7e771090494 .av-subheading{\nfont-size:15px;\n}\n<\/style>\n<div  class='av-special-heading av-m1ots39t-768a96cc70af0a5781fcb7e771090494 av-special-heading-h2 blockquote modern-quote modern-centered  avia-builder-el-10  el_before_av_textblock  avia-builder-el-first '><h2 class='av-special-heading-tag '  itemprop=\"headline\"  >Quiero hacer un donativo<\/h2><div class=\"special-heading-border\"><div class=\"special-heading-inner-border\"><\/div><\/div><\/div><br \/>\n<section  class='av_textblock_section av-m1otsjs5-d42d4d0680af0c85b1eaa82ad5457a47 '   itemscope=\"itemscope\" itemtype=\"https:\/\/schema.org\/CreativeWork\" ><div class='avia_textblock'  itemprop=\"text\" ><p style=\"text-align: center;\"><span style=\"font-weight: 400;\">Todas las donaciones afectan directamente a nuestra organizaci\u00f3n y nos ayudan a desarrollar nuestra misi\u00f3n. \u00a1Ay\u00fadanos a ayudar!<\/span><\/p>\n<\/div><\/section><br \/>\n<div  class='avia-buttonrow-wrap av-m3484a35-c11fd1eab5b9b666a26571018be9943e avia-buttonrow-center  avia-builder-el-12  el_after_av_textblock  avia-builder-el-last '>\n\n<style type=\"text\/css\" data-created_by=\"avia_inline_auto\" id=\"style-css-av-m3483w3r-e6d3a6b5f9556a8fdfa0b872cbe55893\">\n#top #wrap_all .avia-button.av-m3483w3r-e6d3a6b5f9556a8fdfa0b872cbe55893{\nmargin-bottom:5px;\nmargin-right:3px;\nmargin-left:3px;\n}\n<\/style>\n<a href='http:\/\/fundaciosantjoaquim.org\/checkout\/?add-to-cart=386'  class='avia-button av-m3483w3r-e6d3a6b5f9556a8fdfa0b872cbe55893 avia-icon_select-no avia-size-large avia-color-theme-color'   aria-label=\"Donaci\u00f3n 10\u20ac \"><span class='avia_iconbox_title' >Donaci\u00f3n 10\u20ac <\/span><\/a>\n\n<style type=\"text\/css\" data-created_by=\"avia_inline_auto\" id=\"style-css-av-m3483w3r-2-177d67e95d91b54c482f99d0010d8e04\">\n#top #wrap_all .avia-button.av-m3483w3r-2-177d67e95d91b54c482f99d0010d8e04{\nmargin-bottom:5px;\nmargin-right:3px;\nmargin-left:3px;\n}\n<\/style>\n<a href='http:\/\/fundaciosantjoaquim.org\/checkout\/?add-to-cart=409'  class='avia-button av-m3483w3r-2-177d67e95d91b54c482f99d0010d8e04 avia-icon_select-no avia-size-large avia-color-theme-color'   aria-label=\"Donaci\u00f3n 25\u20ac \"><span class='avia_iconbox_title' >Donaci\u00f3n 25\u20ac <\/span><\/a>\n\n<style type=\"text\/css\" data-created_by=\"avia_inline_auto\" id=\"style-css-av-m3483w3r-1-1b7f408bdae1731eb72310e48c48abcf\">\n#top #wrap_all .avia-button.av-m3483w3r-1-1b7f408bdae1731eb72310e48c48abcf{\nmargin-bottom:5px;\nmargin-right:3px;\nmargin-left:3px;\n}\n<\/style>\n<a href='http:\/\/fundaciosantjoaquim.org\/checkout\/?add-to-cart=411'  class='avia-button av-m3483w3r-1-1b7f408bdae1731eb72310e48c48abcf avia-icon_select-no avia-size-large avia-color-theme-color'   aria-label=\"Donaci\u00f3n 50\u20ac \"><span class='avia_iconbox_title' >Donaci\u00f3n 50\u20ac <\/span><\/a>\n\n<style type=\"text\/css\" data-created_by=\"avia_inline_auto\" id=\"style-css-av-m3483w3r-1-fdd96f3a8695ded095c55ad7e1873846\">\n#top #wrap_all .avia-button.av-m3483w3r-1-fdd96f3a8695ded095c55ad7e1873846{\nmargin-bottom:5px;\nmargin-right:3px;\nmargin-left:3px;\n}\n<\/style>\n<a href='http:\/\/fundaciosantjoaquim.org\/checkout\/?add-to-cart=437'  class='avia-button av-m3483w3r-1-fdd96f3a8695ded095c55ad7e1873846 avia-icon_select-no avia-size-large avia-color-theme-color'   aria-label=\"Donaci\u00f3n 100\u20ac \"><span class='avia_iconbox_title' >Donaci\u00f3n 100\u20ac <\/span><\/a>\n<\/div><\/p><\/div><div  class='flex_column av-8b37h-1fe913cf653e9d6de858032318297868 av_one_full  avia-builder-el-13  el_after_av_one_full  avia-builder-el-last  first flex_column_div  column-top-margin'     ><section  class='av_textblock_section av-m1ou0as7-ce1eb6cb4c8192ee40991a21c0a91715 '   itemscope=\"itemscope\" itemtype=\"https:\/\/schema.org\/CreativeWork\" ><div class='avia_textblock'  itemprop=\"text\" ><h4 style=\"text-align: center;\">Pod\u00e9is hacer una donaci\u00f3n en la cuenta:<\/h4>\n<p style=\"text-align: center;\">ES33 2100 8724 9013 0018 0381<\/p>\n<h4 style=\"text-align: center;\">Con Bizum:<\/h4>\n<p style=\"text-align: center;\">c\u00f3digo 09867 Fundaci\u00f3n Sant Joaquim de Matar\u00f3<\/p>\n<p style=\"text-align: center;\"><a href=\"http:\/\/fundaciosantjoaquim.org\/quiero-colaborar\/\"><strong>Colabora con la Fundaci\u00f3n Sant Joaquim<\/strong><\/a><\/p>\n<\/div><\/section><\/div>\n","protected":false},"excerpt":{"rendered":"","protected":false},"author":1,"featured_media":0,"parent":0,"menu_order":0,"comment_status":"closed","ping_status":"closed","template":"","meta":{"footnotes":""},"class_list":["post-301","page","type-page","status-publish","hentry"],"yoast_head":"<!-- This site is optimized with the Yoast SEO plugin v27.4 - https:\/\/yoast.com\/product\/yoast-seo-wordpress\/ -->\n<title>Donaciones - Fundaci\u00f3 Sant Joaquim<\/title>\n<meta name=\"description\" content=\"Dona a Fundaci\u00f3 Sant Joaquim y ayuda a alimentar a personas en situaci\u00f3n de necesidad. Tu apoyo marca la diferencia desde 1908.\" \/>\n<meta name=\"robots\" content=\"index, follow, max-snippet:-1, max-image-preview:large, max-video-preview:-1\" \/>\n<link rel=\"canonical\" href=\"https:\/\/fundaciosantjoaquim.org\/es\/donaciones\/\" \/>\n<meta property=\"og:locale\" content=\"es_ES\" \/>\n<meta property=\"og:type\" content=\"article\" \/>\n<meta property=\"og:title\" content=\"Donaciones - Fundaci\u00f3 Sant Joaquim\" \/>\n<meta property=\"og:description\" content=\"Dona a Fundaci\u00f3 Sant Joaquim y ayuda a alimentar a personas en situaci\u00f3n de necesidad. Tu apoyo marca la diferencia desde 1908.\" \/>\n<meta property=\"og:url\" content=\"https:\/\/fundaciosantjoaquim.org\/es\/donaciones\/\" \/>\n<meta property=\"og:site_name\" content=\"Fundaci\u00f3 Sant Joaquim\" \/>\n<meta property=\"article:modified_time\" content=\"2024-11-07T10:29:21+00:00\" \/>\n<meta name=\"twitter:card\" content=\"summary_large_image\" \/>\n<meta name=\"twitter:label1\" content=\"Tiempo de lectura\" \/>\n\t<meta name=\"twitter:data1\" content=\"1 minuto\" \/>\n<script type=\"application\/ld+json\" class=\"yoast-schema-graph\">{\"@context\":\"https:\\\/\\\/schema.org\",\"@graph\":[{\"@type\":\"WebPage\",\"@id\":\"https:\\\/\\\/fundaciosantjoaquim.org\\\/es\\\/donaciones\\\/\",\"url\":\"https:\\\/\\\/fundaciosantjoaquim.org\\\/es\\\/donaciones\\\/\",\"name\":\"Donaciones - Fundaci\u00f3 Sant Joaquim\",\"isPartOf\":{\"@id\":\"https:\\\/\\\/fundaciosantjoaquim.org\\\/es\\\/#website\"},\"datePublished\":\"2024-09-30T09:42:58+00:00\",\"dateModified\":\"2024-11-07T10:29:21+00:00\",\"description\":\"Dona a Fundaci\u00f3 Sant Joaquim y ayuda a alimentar a personas en situaci\u00f3n de necesidad. Tu apoyo marca la diferencia desde 1908.\",\"breadcrumb\":{\"@id\":\"https:\\\/\\\/fundaciosantjoaquim.org\\\/es\\\/donaciones\\\/#breadcrumb\"},\"inLanguage\":\"es\",\"potentialAction\":[{\"@type\":\"ReadAction\",\"target\":[\"https:\\\/\\\/fundaciosantjoaquim.org\\\/es\\\/donaciones\\\/\"]}]},{\"@type\":\"BreadcrumbList\",\"@id\":\"https:\\\/\\\/fundaciosantjoaquim.org\\\/es\\\/donaciones\\\/#breadcrumb\",\"itemListElement\":[{\"@type\":\"ListItem\",\"position\":1,\"name\":\"Portada\",\"item\":\"https:\\\/\\\/fundaciosantjoaquim.org\\\/es\\\/\"},{\"@type\":\"ListItem\",\"position\":2,\"name\":\"Donaciones\"}]},{\"@type\":\"WebSite\",\"@id\":\"https:\\\/\\\/fundaciosantjoaquim.org\\\/es\\\/#website\",\"url\":\"https:\\\/\\\/fundaciosantjoaquim.org\\\/es\\\/\",\"name\":\"Fundaci\u00f3 Sant Joaquim\",\"description\":\"\",\"potentialAction\":[{\"@type\":\"SearchAction\",\"target\":{\"@type\":\"EntryPoint\",\"urlTemplate\":\"https:\\\/\\\/fundaciosantjoaquim.org\\\/es\\\/?s={search_term_string}\"},\"query-input\":{\"@type\":\"PropertyValueSpecification\",\"valueRequired\":true,\"valueName\":\"search_term_string\"}}],\"inLanguage\":\"es\"}]}<\/script>\n<!-- \/ Yoast SEO plugin. -->","yoast_head_json":{"title":"Donaciones - Fundaci\u00f3 Sant Joaquim","description":"Dona a Fundaci\u00f3 Sant Joaquim y ayuda a alimentar a personas en situaci\u00f3n de necesidad. Tu apoyo marca la diferencia desde 1908.","robots":{"index":"index","follow":"follow","max-snippet":"max-snippet:-1","max-image-preview":"max-image-preview:large","max-video-preview":"max-video-preview:-1"},"canonical":"https:\/\/fundaciosantjoaquim.org\/es\/donaciones\/","og_locale":"es_ES","og_type":"article","og_title":"Donaciones - Fundaci\u00f3 Sant Joaquim","og_description":"Dona a Fundaci\u00f3 Sant Joaquim y ayuda a alimentar a personas en situaci\u00f3n de necesidad. Tu apoyo marca la diferencia desde 1908.","og_url":"https:\/\/fundaciosantjoaquim.org\/es\/donaciones\/","og_site_name":"Fundaci\u00f3 Sant Joaquim","article_modified_time":"2024-11-07T10:29:21+00:00","twitter_card":"summary_large_image","twitter_misc":{"Tiempo de lectura":"1 minuto"},"schema":{"@context":"https:\/\/schema.org","@graph":[{"@type":"WebPage","@id":"https:\/\/fundaciosantjoaquim.org\/es\/donaciones\/","url":"https:\/\/fundaciosantjoaquim.org\/es\/donaciones\/","name":"Donaciones - Fundaci\u00f3 Sant Joaquim","isPartOf":{"@id":"https:\/\/fundaciosantjoaquim.org\/es\/#website"},"datePublished":"2024-09-30T09:42:58+00:00","dateModified":"2024-11-07T10:29:21+00:00","description":"Dona a Fundaci\u00f3 Sant Joaquim y ayuda a alimentar a personas en situaci\u00f3n de necesidad. Tu apoyo marca la diferencia desde 1908.","breadcrumb":{"@id":"https:\/\/fundaciosantjoaquim.org\/es\/donaciones\/#breadcrumb"},"inLanguage":"es","potentialAction":[{"@type":"ReadAction","target":["https:\/\/fundaciosantjoaquim.org\/es\/donaciones\/"]}]},{"@type":"BreadcrumbList","@id":"https:\/\/fundaciosantjoaquim.org\/es\/donaciones\/#breadcrumb","itemListElement":[{"@type":"ListItem","position":1,"name":"Portada","item":"https:\/\/fundaciosantjoaquim.org\/es\/"},{"@type":"ListItem","position":2,"name":"Donaciones"}]},{"@type":"WebSite","@id":"https:\/\/fundaciosantjoaquim.org\/es\/#website","url":"https:\/\/fundaciosantjoaquim.org\/es\/","name":"Fundaci\u00f3 Sant Joaquim","description":"","potentialAction":[{"@type":"SearchAction","target":{"@type":"EntryPoint","urlTemplate":"https:\/\/fundaciosantjoaquim.org\/es\/?s={search_term_string}"},"query-input":{"@type":"PropertyValueSpecification","valueRequired":true,"valueName":"search_term_string"}}],"inLanguage":"es"}]}},"_links":{"self":[{"href":"https:\/\/fundaciosantjoaquim.org\/es\/wp-json\/wp\/v2\/pages\/301","targetHints":{"allow":["GET"]}}],"collection":[{"href":"https:\/\/fundaciosantjoaquim.org\/es\/wp-json\/wp\/v2\/pages"}],"about":[{"href":"https:\/\/fundaciosantjoaquim.org\/es\/wp-json\/wp\/v2\/types\/page"}],"author":[{"embeddable":true,"href":"https:\/\/fundaciosantjoaquim.org\/es\/wp-json\/wp\/v2\/users\/1"}],"replies":[{"embeddable":true,"href":"https:\/\/fundaciosantjoaquim.org\/es\/wp-json\/wp\/v2\/comments?post=301"}],"version-history":[{"count":13,"href":"https:\/\/fundaciosantjoaquim.org\/es\/wp-json\/wp\/v2\/pages\/301\/revisions"}],"predecessor-version":[{"id":475,"href":"https:\/\/fundaciosantjoaquim.org\/es\/wp-json\/wp\/v2\/pages\/301\/revisions\/475"}],"wp:attachment":[{"href":"https:\/\/fundaciosantjoaquim.org\/es\/wp-json\/wp\/v2\/media?parent=301"}],"curies":[{"name":"wp","href":"https:\/\/api.w.org\/{rel}","templated":true}]}}