{"id":44,"date":"2024-07-12T07:23:46","date_gmt":"2024-07-12T07:23:46","guid":{"rendered":"http:\/\/fundaciosantjoaquim.org\/?page_id=44"},"modified":"2024-11-06T09:35:02","modified_gmt":"2024-11-06T09:35:02","slug":"aviso-legal","status":"publish","type":"page","link":"https:\/\/fundaciosantjoaquim.org\/es\/aviso-legal\/","title":{"rendered":"Aviso Legal"},"content":{"rendered":"<h2 style=\"text-align: center;\">Aviso Legal<\/h2>\n<p><strong><a href=\"http:\/\/fundaciosantjoaquim.org\" target=\"_new\" rel=\"noopener\">www.fundaciosantjoaquim.org<\/a><\/strong> es un dominio en Internet titularidad de <strong>FUNDACI\u00d3 PRIVADA SANT JOAQUIM<\/strong> con CIF\/NIF G08651317 y domicilio en <strong>CAMI RAL, 338-340 08301 (MATARO)<\/strong>.<br \/>\nLa finalidad de la web es mostrar nuestros servicios y recaudar donaciones.<\/p>\n<h3><strong>Puede ponerse en contacto con nosotros:<\/strong><\/h3>\n<p>-Por tel\u00e9fono, en el n\u00famero <strong>937962652<\/strong><\/p>\n<p>-Por correo electr\u00f3nico, escribiendo a <strong><a rel=\"noopener\">info@fundaciosantjoaquim.org<\/a><\/strong><\/p>\n<p>-Por escrito, dirigi\u00e9ndose a <strong>FUNDACI\u00d3 PRIVADA SANT JOAQUIM, CAMI RAL, 338-340 08301 MATAR\u00d3<\/strong><\/p>\n<h3><strong>Condiciones de uso de la web<\/strong><\/h3>\n<p>Las presentes condiciones de uso regulan el acceso a esta web por parte de los clientes de <strong>FUNDACI\u00d3 PRIVADA SANT JOAQUIM<\/strong> y dem\u00e1s usuarios de Internet. Por el mero uso de esta web, el usuario manifiesta su aceptaci\u00f3n sin reservas de las presentes condiciones de uso.<br \/>\n<strong>FUNDACI\u00d3 PRIVADA SANT JOAQUIM<\/strong> se reserva el derecho unilateral de modificar las presentes condiciones de acceso a la web, as\u00ed como los contenidos en ella incluidos.<\/p>\n<h3><strong>Limitaci\u00f3n y exclusi\u00f3n de responsabilidad<\/strong><\/h3>\n<p>El contenido de esta web es de car\u00e1cter general y tiene una finalidad y efectos exclusivamente informativos. <strong>FUNDACI\u00d3 PRIVADA SANT JOAQUIM<\/strong> rechaza la responsabilidad sobre cualquier informaci\u00f3n no elaborada por ella o publicada en su nombre de forma no autorizada por ella, al igual que la responsabilidad que se derive de la mala utilizaci\u00f3n por terceros de los contenidos.<br \/>\nEl usuario exonera a <strong>FUNDACI\u00d3 PRIVADA SANT JOAQUIM<\/strong> de cualquier responsabilidad que pudiera derivarse de las interrupciones de disponibilidad de la p\u00e1gina web, ya sea por mal funcionamiento del servidor web o de aplicaciones, de las infraestructuras de comunicaciones, o del software y hardware utilizados para la navegaci\u00f3n.<br \/>\nEn el caso de incluir enlaces a otras p\u00e1ginas web, declina cualquier responsabilidad relacionada con el acceso y utilizaci\u00f3n de dichos enlaces.<\/p>\n<h3><strong>Propiedad intelectual e industrial<\/strong><\/h3>\n<p>La totalidad de esta web se encuentra protegida por las leyes sobre propiedad intelectual e industrial. Salvo que se indique lo contrario, los derechos de propiedad intelectual sobre estos contenidos corresponden en exclusiva a <strong>FUNDACI\u00d3 PRIVADA SANT JOAQUIM<\/strong>.<br \/>\nEl usuario reconoce que el uso de los contenidos queda estrictamente limitado a finalidades personales del propio usuario y que la reproducci\u00f3n, distribuci\u00f3n, comunicaci\u00f3n o transformaci\u00f3n no expresamente autorizada de tales obras constituye una infracci\u00f3n de los derechos de propiedad intelectual.<br \/>\nAsimismo, el usuario se abstendr\u00e1 de emplear los contenidos y, en particular, la informaci\u00f3n de cualquier clase obtenida a trav\u00e9s de la web para remitir publicidad, comunicaciones con fines de venta directa o con cualquier otra clase de finalidad comercial, mensajes no solicitados dirigidos a una pluralidad de personas con independencia de su finalidad. Tambi\u00e9n se abstendr\u00e1 de comercializar o divulgar de cualquier modo dicha informaci\u00f3n.<br \/>\n<strong><a href=\"http:\/\/fundaciosantjoaquim.org\" target=\"_new\" rel=\"noopener\">www.fundaciosantjoaquim.org<\/a><\/strong> es un dominio de <strong>FUNDACI\u00d3 PRIVADA SANT JOAQUIM<\/strong>. No puede ser utilizado, salvo autorizaci\u00f3n expresa previa, en conexi\u00f3n con otros productos o servicios que no sean de <strong>FUNDACI\u00d3 PRIVADA SANT JOAQUIM<\/strong> de ninguna manera que pueda causar confusi\u00f3n entre nuestros clientes o descr\u00e9dito de <strong>FUNDACI\u00d3 PRIVADA SANT JOAQUIM<\/strong>.<\/p>\n<h3><strong>Pol\u00edtica para enlazar a esta web<\/strong><\/h3>\n<p>Si cualquier usuario, entidad o p\u00e1gina web deseara establecer alg\u00fan tipo de enlace con destino a esta web deber\u00e1 solicitar autorizaci\u00f3n previa a la realizaci\u00f3n del enlace y por escrito.<br \/>\nAdem\u00e1s, s\u00f3lo se permite enlazar a la p\u00e1gina de inicio de la web. El enlace debe ser absoluto y completo, es decir, debe llevar al usuario a la propia direcci\u00f3n abarcando completamente la extensi\u00f3n de la pantalla de la p\u00e1gina que contiene el enlace. En ning\u00fan caso, salvo autorizaci\u00f3n expresa y por escrito de <strong>FUNDACI\u00d3 PRIVADA SANT JOAQUIM<\/strong>, la p\u00e1gina que realice el enlace podr\u00e1 reproducir de cualquier manera la web de <strong>FUNDACI\u00d3 PRIVADA SANT JOAQUIM<\/strong>, incluirla como parte de su web o dentro de uno de sus marcos sobre cualquiera de las p\u00e1ginas o contenidos de la presente web.<br \/>\nNo se incluir\u00e1 ninguna manifestaci\u00f3n falsa, inexacta o incorrecta sobre las p\u00e1ginas de esta web o los servicios que en ella se ofrecen.<br \/>\nEl enlace no contendr\u00e1 ninguna marca, nombre comercial, r\u00f3tulo de establecimiento, denominaci\u00f3n, logotipo, eslogan u otros signos distintivos pertenecientes a <strong>FUNDACI\u00d3 PRIVADA SANT JOAQUIM<\/strong>.<br \/>\nBajo ninguna circunstancia, ser\u00e1 responsable de los contenidos o servicios puestos a disposici\u00f3n del p\u00fablico en la p\u00e1gina web desde la que se realice el hiperenlace ni de las informaciones o manifestaciones incluidas en las mismas.<\/p>\n<h3><strong>Protecci\u00f3n de datos personales<\/strong><\/h3>\n<p>La utilizaci\u00f3n de esta web y de sus formularios requiere la aceptaci\u00f3n del tratamiento de los datos del usuario bajo la responsabilidad de <strong>FUNDACI\u00d3 PRIVADA SANT JOAQUIM<\/strong>, para finalidades que incluyen la provisi\u00f3n de la web, la recopilaci\u00f3n de datos de acceso y el env\u00edo de informaci\u00f3n comercial por v\u00eda electr\u00f3nica, en determinados casos.<br \/>\nLea detenidamente la pol\u00edtica de privacidad para informaci\u00f3n adicional y detallada, incluyendo c\u00f3mo utilizamos los datos de los usuarios y c\u00f3mo ejercer los derechos de acceso, rectificaci\u00f3n, supresi\u00f3n, oposici\u00f3n, y otros derechos de protecci\u00f3n de datos.<\/p>\n<h3><strong>Cookies<\/strong><\/h3>\n<p>Esta web utiliza cookies propias y de terceros para diversas finalidades incluyendo anal\u00edticas y publicidad adaptada a los intereses del usuario. El mero uso de esta web con las cookies activadas en el navegador implica la aceptaci\u00f3n de su tratamiento conforme a nuestra pol\u00edtica de cookies.<br \/>\nLea detenidamente nuestra pol\u00edtica de cookies para conocer los tipos de cookies empleados, y c\u00f3mo bloquearlas y borrarlas en su navegador.<\/p>\n<h3><strong>Prevalencia de la versi\u00f3n espa\u00f1ola<\/strong><\/h3>\n<p>En caso de que se traduzca este aviso legal a otros idiomas, cuando haya discrepancia, la versi\u00f3n espa\u00f1ola prevalecer\u00e1.<\/p>\n<h3><strong>Legislaci\u00f3n y Jurisdicci\u00f3n aplicable<\/strong><\/h3>\n<p>El presente Aviso Legal as\u00ed como las relaciones entre <strong>FUNDACI\u00d3 PRIVADA SANT JOAQUIM<\/strong> y los usuarios, se regir\u00e1n por la normativa espa\u00f1ola vigente y cualquier controversia se someter\u00e1 a los Juzgados y Tribunales de <strong>BARCELONA<\/strong>, excepto en el caso de consumidores y usuarios que se aplicar\u00e1 el fuero imperativo de los juzgados que correspondan a su domicilio.<\/p>\n","protected":false},"excerpt":{"rendered":"<p>Aviso Legal www.fundaciosantjoaquim.org es un dominio en Internet titularidad de FUNDACI\u00d3 PRIVADA SANT JOAQUIM con CIF\/NIF G08651317 y domicilio en CAMI RAL, 338-340 08301 (MATARO). La finalidad de la web es mostrar nuestros servicios y recaudar donaciones. Puede ponerse en contacto con nosotros: -Por tel\u00e9fono, en el n\u00famero 937962652 -Por correo electr\u00f3nico, escribiendo a info@fundaciosantjoaquim.org [&hellip;]<\/p>\n","protected":false},"author":1,"featured_media":0,"parent":0,"menu_order":0,"comment_status":"closed","ping_status":"closed","template":"","meta":{"footnotes":""},"class_list":["post-44","page","type-page","status-publish","hentry"],"yoast_head":"<!-- This site is optimized with the Yoast SEO plugin v27.4 - https:\/\/yoast.com\/product\/yoast-seo-wordpress\/ -->\n<title>Aviso Legal - Fundaci\u00f3 Sant Joaquim<\/title>\n<meta name=\"robots\" content=\"index, follow, max-snippet:-1, max-image-preview:large, max-video-preview:-1\" \/>\n<link rel=\"canonical\" href=\"https:\/\/fundaciosantjoaquim.org\/es\/aviso-legal\/\" \/>\n<meta property=\"og:locale\" content=\"es_ES\" \/>\n<meta property=\"og:type\" content=\"article\" \/>\n<meta property=\"og:title\" content=\"Aviso Legal - Fundaci\u00f3 Sant Joaquim\" \/>\n<meta property=\"og:description\" content=\"Aviso Legal www.fundaciosantjoaquim.org es un dominio en Internet titularidad de FUNDACI\u00d3 PRIVADA SANT JOAQUIM con CIF\/NIF G08651317 y domicilio en CAMI RAL, 338-340 08301 (MATARO). La finalidad de la web es mostrar nuestros servicios y recaudar donaciones. Puede ponerse en contacto con nosotros: -Por tel\u00e9fono, en el n\u00famero 937962652 -Por correo electr\u00f3nico, escribiendo a info@fundaciosantjoaquim.org [&hellip;]\" \/>\n<meta property=\"og:url\" content=\"https:\/\/fundaciosantjoaquim.org\/es\/aviso-legal\/\" \/>\n<meta property=\"og:site_name\" content=\"Fundaci\u00f3 Sant Joaquim\" \/>\n<meta property=\"article:modified_time\" content=\"2024-11-06T09:35:02+00:00\" \/>\n<meta name=\"twitter:card\" content=\"summary_large_image\" \/>\n<meta name=\"twitter:label1\" content=\"Tiempo de lectura\" \/>\n\t<meta name=\"twitter:data1\" content=\"5 minutos\" \/>\n<script type=\"application\/ld+json\" class=\"yoast-schema-graph\">{\"@context\":\"https:\\\/\\\/schema.org\",\"@graph\":[{\"@type\":\"WebPage\",\"@id\":\"https:\\\/\\\/fundaciosantjoaquim.org\\\/es\\\/aviso-legal\\\/\",\"url\":\"https:\\\/\\\/fundaciosantjoaquim.org\\\/es\\\/aviso-legal\\\/\",\"name\":\"Aviso Legal - Fundaci\u00f3 Sant Joaquim\",\"isPartOf\":{\"@id\":\"https:\\\/\\\/fundaciosantjoaquim.org\\\/es\\\/#website\"},\"datePublished\":\"2024-07-12T07:23:46+00:00\",\"dateModified\":\"2024-11-06T09:35:02+00:00\",\"breadcrumb\":{\"@id\":\"https:\\\/\\\/fundaciosantjoaquim.org\\\/es\\\/aviso-legal\\\/#breadcrumb\"},\"inLanguage\":\"es\",\"potentialAction\":[{\"@type\":\"ReadAction\",\"target\":[\"https:\\\/\\\/fundaciosantjoaquim.org\\\/es\\\/aviso-legal\\\/\"]}]},{\"@type\":\"BreadcrumbList\",\"@id\":\"https:\\\/\\\/fundaciosantjoaquim.org\\\/es\\\/aviso-legal\\\/#breadcrumb\",\"itemListElement\":[{\"@type\":\"ListItem\",\"position\":1,\"name\":\"Portada\",\"item\":\"https:\\\/\\\/fundaciosantjoaquim.org\\\/es\\\/\"},{\"@type\":\"ListItem\",\"position\":2,\"name\":\"Aviso Legal\"}]},{\"@type\":\"WebSite\",\"@id\":\"https:\\\/\\\/fundaciosantjoaquim.org\\\/es\\\/#website\",\"url\":\"https:\\\/\\\/fundaciosantjoaquim.org\\\/es\\\/\",\"name\":\"Fundaci\u00f3 Sant Joaquim\",\"description\":\"\",\"potentialAction\":[{\"@type\":\"SearchAction\",\"target\":{\"@type\":\"EntryPoint\",\"urlTemplate\":\"https:\\\/\\\/fundaciosantjoaquim.org\\\/es\\\/?s={search_term_string}\"},\"query-input\":{\"@type\":\"PropertyValueSpecification\",\"valueRequired\":true,\"valueName\":\"search_term_string\"}}],\"inLanguage\":\"es\"}]}<\/script>\n<!-- \/ Yoast SEO plugin. -->","yoast_head_json":{"title":"Aviso Legal - Fundaci\u00f3 Sant Joaquim","robots":{"index":"index","follow":"follow","max-snippet":"max-snippet:-1","max-image-preview":"max-image-preview:large","max-video-preview":"max-video-preview:-1"},"canonical":"https:\/\/fundaciosantjoaquim.org\/es\/aviso-legal\/","og_locale":"es_ES","og_type":"article","og_title":"Aviso Legal - Fundaci\u00f3 Sant Joaquim","og_description":"Aviso Legal www.fundaciosantjoaquim.org es un dominio en Internet titularidad de FUNDACI\u00d3 PRIVADA SANT JOAQUIM con CIF\/NIF G08651317 y domicilio en CAMI RAL, 338-340 08301 (MATARO). La finalidad de la web es mostrar nuestros servicios y recaudar donaciones. Puede ponerse en contacto con nosotros: -Por tel\u00e9fono, en el n\u00famero 937962652 -Por correo electr\u00f3nico, escribiendo a info@fundaciosantjoaquim.org [&hellip;]","og_url":"https:\/\/fundaciosantjoaquim.org\/es\/aviso-legal\/","og_site_name":"Fundaci\u00f3 Sant Joaquim","article_modified_time":"2024-11-06T09:35:02+00:00","twitter_card":"summary_large_image","twitter_misc":{"Tiempo de lectura":"5 minutos"},"schema":{"@context":"https:\/\/schema.org","@graph":[{"@type":"WebPage","@id":"https:\/\/fundaciosantjoaquim.org\/es\/aviso-legal\/","url":"https:\/\/fundaciosantjoaquim.org\/es\/aviso-legal\/","name":"Aviso Legal - Fundaci\u00f3 Sant Joaquim","isPartOf":{"@id":"https:\/\/fundaciosantjoaquim.org\/es\/#website"},"datePublished":"2024-07-12T07:23:46+00:00","dateModified":"2024-11-06T09:35:02+00:00","breadcrumb":{"@id":"https:\/\/fundaciosantjoaquim.org\/es\/aviso-legal\/#breadcrumb"},"inLanguage":"es","potentialAction":[{"@type":"ReadAction","target":["https:\/\/fundaciosantjoaquim.org\/es\/aviso-legal\/"]}]},{"@type":"BreadcrumbList","@id":"https:\/\/fundaciosantjoaquim.org\/es\/aviso-legal\/#breadcrumb","itemListElement":[{"@type":"ListItem","position":1,"name":"Portada","item":"https:\/\/fundaciosantjoaquim.org\/es\/"},{"@type":"ListItem","position":2,"name":"Aviso Legal"}]},{"@type":"WebSite","@id":"https:\/\/fundaciosantjoaquim.org\/es\/#website","url":"https:\/\/fundaciosantjoaquim.org\/es\/","name":"Fundaci\u00f3 Sant Joaquim","description":"","potentialAction":[{"@type":"SearchAction","target":{"@type":"EntryPoint","urlTemplate":"https:\/\/fundaciosantjoaquim.org\/es\/?s={search_term_string}"},"query-input":{"@type":"PropertyValueSpecification","valueRequired":true,"valueName":"search_term_string"}}],"inLanguage":"es"}]}},"_links":{"self":[{"href":"https:\/\/fundaciosantjoaquim.org\/es\/wp-json\/wp\/v2\/pages\/44","targetHints":{"allow":["GET"]}}],"collection":[{"href":"https:\/\/fundaciosantjoaquim.org\/es\/wp-json\/wp\/v2\/pages"}],"about":[{"href":"https:\/\/fundaciosantjoaquim.org\/es\/wp-json\/wp\/v2\/types\/page"}],"author":[{"embeddable":true,"href":"https:\/\/fundaciosantjoaquim.org\/es\/wp-json\/wp\/v2\/users\/1"}],"replies":[{"embeddable":true,"href":"https:\/\/fundaciosantjoaquim.org\/es\/wp-json\/wp\/v2\/comments?post=44"}],"version-history":[{"count":9,"href":"https:\/\/fundaciosantjoaquim.org\/es\/wp-json\/wp\/v2\/pages\/44\/revisions"}],"predecessor-version":[{"id":433,"href":"https:\/\/fundaciosantjoaquim.org\/es\/wp-json\/wp\/v2\/pages\/44\/revisions\/433"}],"wp:attachment":[{"href":"https:\/\/fundaciosantjoaquim.org\/es\/wp-json\/wp\/v2\/media?parent=44"}],"curies":[{"name":"wp","href":"https:\/\/api.w.org\/{rel}","templated":true}]}}